{"id":1053,"date":"2013-06-25T11:59:39","date_gmt":"2013-06-25T09:59:39","guid":{"rendered":"http:\/\/www.conselharan.org\/?page_id=1053"},"modified":"2015-09-09T08:50:42","modified_gmt":"2015-09-09T06:50:42","slug":"subvencions-minjador-escolar","status":"publish","type":"page","link":"https:\/\/www.conselharan.org\/ca\/subvencions-minjador-escolar\/","title":{"rendered":"Subvencions menjador escolar"},"content":{"rendered":"<p>[vc_row el_position=&#8221;first&#8221;][vc_column][vc_single_image image=&#8221;2350&#8243; img_size=&#8221;940&#215;325&#8243; el_position=&#8221;first last&#8221;][\/vc_column][\/vc_row][vc_row][vc_column][vc_column_text]<br \/>\n[\/vc_column_text][\/vc_column][\/vc_row][vc_row el_position=&#8221;last&#8221;][vc_column width=&#8221;2\/3&#8243;][vc_column_text el_class=&#8221;text-subvenciones&#8221; el_position=&#8221;first last&#8221;]<\/p>\n<h2 style=\"text-align: justify;\">Ajudes de minjador per rasons socioeconomiques a escolans\/es d&#8217;ensenhament obligat\u00f2ri escolarizats en centres publics dera Val d&#8217;Aran<\/h2>\n<p style=\"text-align: justify;\">Er obj\u00e8cte d\u2019aguestes ajudes economiques individuaus de minjador ent\u00e0s escolans en edat d\u2019escolarizacion des familhes dera Val d\u2019Aran, ei subvencionar as escolans qu\u2019agen dificultats sociaus e economiques ent\u00e0 que poguen gaudir d\u2019ua ajuda que les permete h\u00e8r usatge deth servici de minjador deth s\u00f2n centre escolar.<\/p>\n<p style=\"text-align: justify;\">Non se poder\u00e0n acu\u00e9lher ad aguesta convocat\u00f2ria es escolans qu\u2019an dret ath servici de minjador de caract\u00e8r preceptiu e gratu\u00eft pes motius que se regulen en Decr\u00e8t 160\/1996, de 14 de mai, a on se regule eth servici escolar de minjador des centres escolars publics de titularitat deth Departament d\u2019Educacion (escolans d\u2019educacion especiau despla\u00e7adi obligat\u00f2riament deth s\u00f2n municipi de resid\u00e9ncia e escolans d\u2019educacion infantila, prim\u00e0ria e\/o segondaria obligat\u00f2ris prec\u00e8ptes de transp\u00f2rt obligat\u00f2ri).<\/p>\n<p>[\/vc_column_text][\/vc_column][vc_column width=&#8221;1\/3&#8243;][vc_column_text el_position=&#8221;first&#8221;]<\/p>\n<h1>Documentacion<\/h1>\n<p>[\/vc_column_text][vc_column_text el_position=&#8221;last&#8221;]<\/p>\n<p><a href=\"http:\/\/www.conselharan.org\/wp-content\/uploads\/2015\/09\/Edicte-menjador-2015-BOP.pdf\"><img loading=\"lazy\" decoding=\"async\" class=\"alignleft size-full wp-image-1752\" src=\"http:\/\/www.conselharan.org\/wp-content\/uploads\/2013\/07\/pdf.png\" alt=\"pdf\" width=\"32\" height=\"32\" \/><\/a><a href=\"http:\/\/www.conselharan.org\/wp-content\/uploads\/2015\/09\/Edicte-menjador-2015-BOP.pdf\">Descargar bases subvenci\u00f3n minjador escolar 2015-2016<\/a><\/p>\n<p>[\/vc_column_text][\/vc_column][\/vc_row]<\/p>\n ","protected":false},"excerpt":{"rendered":"<p>[vc_row el_position=&#8221;first&#8221;][vc_column][vc_single_image image=&#8221;2350&#8243; img_size=&#8221;940&#215;325&#8243; el_position=&#8221;first last&#8221;][\/vc_column][\/vc_row][vc_row][vc_column][vc_column_text] [\/vc_column_text][\/vc_column][\/vc_row][vc_row el_position=&#8221;last&#8221;][vc_column width=&#8221;2\/3&#8243;][vc_column_text el_class=&#8221;text-subvenciones&#8221; el_position=&#8221;first last&#8221;] Ajudes de minjador per rasons socioeconomiques a escolans\/es d&#8217;ensenhament obligat\u00f2ri escolarizats en centres publics dera Val d&#8217;Aran Er obj\u00e8cte d\u2019aguestes ajudes economiques individuaus de minjador ent\u00e0s escolans en edat d\u2019escolarizacion des familhes dera Val d\u2019Aran, ei subvencionar as escolans qu\u2019agen dificultats sociaus e&#8230;<\/p>\n","protected":false},"author":1,"featured_media":7993,"parent":0,"menu_order":0,"comment_status":"closed","ping_status":"closed","template":"page-onesidebar.php","meta":{"footnotes":""},"_links":{"self":[{"href":"https:\/\/www.conselharan.org\/ca\/wp-json\/wp\/v2\/pages\/1053"}],"collection":[{"href":"https:\/\/www.conselharan.org\/ca\/wp-json\/wp\/v2\/pages"}],"about":[{"href":"https:\/\/www.conselharan.org\/ca\/wp-json\/wp\/v2\/types\/page"}],"author":[{"embeddable":true,"href":"https:\/\/www.conselharan.org\/ca\/wp-json\/wp\/v2\/users\/1"}],"replies":[{"embeddable":true,"href":"https:\/\/www.conselharan.org\/ca\/wp-json\/wp\/v2\/comments?post=1053"}],"version-history":[{"count":12,"href":"https:\/\/www.conselharan.org\/ca\/wp-json\/wp\/v2\/pages\/1053\/revisions"}],"predecessor-version":[{"id":8279,"href":"https:\/\/www.conselharan.org\/ca\/wp-json\/wp\/v2\/pages\/1053\/revisions\/8279"}],"wp:featuredmedia":[{"embeddable":true,"href":"https:\/\/www.conselharan.org\/ca\/wp-json\/wp\/v2\/media\/7993"}],"wp:attachment":[{"href":"https:\/\/www.conselharan.org\/ca\/wp-json\/wp\/v2\/media?parent=1053"}],"curies":[{"name":"wp","href":"https:\/\/api.w.org\/{rel}","templated":true}]}}