{"id":51535,"date":"2023-01-11T10:15:28","date_gmt":"2023-01-11T09:15:28","guid":{"rendered":"https:\/\/www.conselharan.org\/?page_id=51535"},"modified":"2023-01-11T10:16:55","modified_gmt":"2023-01-11T09:16:55","slug":"jo-recicli","status":"publish","type":"page","link":"https:\/\/www.conselharan.org\/ca\/jo-recicli\/","title":{"rendered":"Jo Recicli"},"content":{"rendered":"<p>[vc_row el_position=&#8221;first&#8221;][vc_column][vc_single_image image=&#8221;51540&#8243; img_size=&#8221;940&#215;325&#8243; el_position=&#8221;first last&#8221;][\/vc_column][\/vc_row][vc_row el_position=&#8221;last&#8221;][vc_column][vc_column_text el_position=&#8221;first&#8221;]<strong>Jo Recicli, l\u2019app que facilita la recollida de cart\u00f3 entre els comer\u00e7os!<\/strong><\/p>\n<p>El govern del Conselh Generau d\u2019Aran ha creat l\u2019aplicaci\u00f3 Jo Recicli per a facilitar la recollida porta a porta de la fracci\u00f3 de cart\u00f3 entre els establiments comercials del territori. Mitjan\u00e7ant aquesta aplicaci\u00f3, els comer\u00e7os de la Val d\u2019Aran registrats poden generar una alarma, dins de l\u2019horari establert, perqu\u00e8 el servei de recollida d\u2019escombraries s\u2019emporti aquesta fracci\u00f3.<\/p>\n<p>Els horaris de generaci\u00f3 d\u2019alarmes de recollida de cart\u00f3 a Vielha e Mijaran s\u00f3n de dilluns a divendres de 08.00 a 11.00 hores durant tot l\u2019any, a Naut Aran els dijous de 08.00 a 13.00 hores durant la temporada d\u2019hivern, i en els municipis del Baish Aran els divendres de 08.00 a 13.00 tot l\u2019any. Nom\u00e9s pot generar-se una alarma al dia per comer\u00e7 i dins de l\u2019horari establert.<\/p>\n<p>Descarrega\u2019t Jo Recicli!<\/p>\n<p><a href=\"https:\/\/apps.apple.com\/es\/app\/jorecicli\/id1544405814\" target=\"_blank\" rel=\"noopener noreferrer\"><img loading=\"lazy\" decoding=\"async\" class=\"wp-image-52275 alignleft\" src=\"https:\/\/www.visitvaldaran.com\/wp-content\/uploads\/2020\/07\/kisspng-app-store-apple-download-logo-app-store-5b500d988880b2.3327280815319730165591.jpg\" alt=\"\" width=\"173\" height=\"64\" \/><\/a><a href=\"https:\/\/play.google.com\/store\/apps\/details?id=org.conselharan.reciclaran&amp;hl=es&amp;gl=US&amp;pli=1\" target=\"_blank\" rel=\"noopener noreferrer\"><img loading=\"lazy\" decoding=\"async\" class=\"wp-image-52269 alignleft\" src=\"https:\/\/www.visitvaldaran.com\/wp-content\/uploads\/2020\/07\/app-store-android-download.png\" alt=\"\" width=\"216\" height=\"64\" \/><\/a>[\/vc_column_text][\/vc_column][\/vc_row]<\/p>\n ","protected":false},"excerpt":{"rendered":"<p>[vc_row el_position=&#8221;first&#8221;][vc_column][vc_single_image image=&#8221;51540&#8243; img_size=&#8221;940&#215;325&#8243; el_position=&#8221;first last&#8221;][\/vc_column][\/vc_row][vc_row el_position=&#8221;last&#8221;][vc_column][vc_column_text el_position=&#8221;first&#8221;]Jo Recicli, l\u2019app que facilita la recollida de cart\u00f3 entre els comer\u00e7os! El govern del Conselh Generau d\u2019Aran ha creat l\u2019aplicaci\u00f3 Jo Recicli per a facilitar la recollida porta a porta de la fracci\u00f3 de cart\u00f3 entre els establiments comercials del territori. Mitjan\u00e7ant aquesta aplicaci\u00f3, els comer\u00e7os de&#8230;<\/p>\n","protected":false},"author":8,"featured_media":0,"parent":0,"menu_order":0,"comment_status":"closed","ping_status":"closed","template":"page-onesidebar.php","meta":{"footnotes":""},"_links":{"self":[{"href":"https:\/\/www.conselharan.org\/ca\/wp-json\/wp\/v2\/pages\/51535"}],"collection":[{"href":"https:\/\/www.conselharan.org\/ca\/wp-json\/wp\/v2\/pages"}],"about":[{"href":"https:\/\/www.conselharan.org\/ca\/wp-json\/wp\/v2\/types\/page"}],"author":[{"embeddable":true,"href":"https:\/\/www.conselharan.org\/ca\/wp-json\/wp\/v2\/users\/8"}],"replies":[{"embeddable":true,"href":"https:\/\/www.conselharan.org\/ca\/wp-json\/wp\/v2\/comments?post=51535"}],"version-history":[{"count":2,"href":"https:\/\/www.conselharan.org\/ca\/wp-json\/wp\/v2\/pages\/51535\/revisions"}],"predecessor-version":[{"id":51547,"href":"https:\/\/www.conselharan.org\/ca\/wp-json\/wp\/v2\/pages\/51535\/revisions\/51547"}],"wp:attachment":[{"href":"https:\/\/www.conselharan.org\/ca\/wp-json\/wp\/v2\/media?parent=51535"}],"curies":[{"name":"wp","href":"https:\/\/api.w.org\/{rel}","templated":true}]}}